{"id":24063,"date":"2024-06-07T10:09:10","date_gmt":"2024-06-07T09:09:10","guid":{"rendered":"https:\/\/fallas.com\/regim-intern-jcf\/"},"modified":"2024-06-26T19:07:41","modified_gmt":"2024-06-26T18:07:41","slug":"regim-intern-jcf","status":"publish","type":"page","link":"https:\/\/fallas.com\/va\/regim-intern-jcf\/","title":{"rendered":"R\u00e8gim Intern JCF"},"content":{"rendered":"[vc_row type=&#8221;in_container&#8221; full_screen_row_position=&#8221;middle&#8221; column_margin=&#8221;default&#8221; column_direction=&#8221;default&#8221; column_direction_tablet=&#8221;default&#8221; column_direction_phone=&#8221;default&#8221; scene_position=&#8221;center&#8221; text_color=&#8221;dark&#8221; text_align=&#8221;left&#8221; row_border_radius=&#8221;none&#8221; row_border_radius_applies=&#8221;bg&#8221; overflow=&#8221;visible&#8221; overlay_strength=&#8221;0.3&#8243; gradient_direction=&#8221;left_to_right&#8221; shape_divider_position=&#8221;bottom&#8221; bg_image_animation=&#8221;none&#8221;][vc_column column_padding=&#8221;no-extra-padding&#8221; column_padding_tablet=&#8221;inherit&#8221; column_padding_phone=&#8221;inherit&#8221; column_padding_position=&#8221;all&#8221; column_element_direction_desktop=&#8221;default&#8221; column_element_spacing=&#8221;default&#8221; desktop_text_alignment=&#8221;default&#8221; tablet_text_alignment=&#8221;default&#8221; phone_text_alignment=&#8221;default&#8221; background_color_opacity=&#8221;1&#8243; background_hover_color_opacity=&#8221;1&#8243; column_backdrop_filter=&#8221;none&#8221; column_shadow=&#8221;none&#8221; column_border_radius=&#8221;none&#8221; column_link_target=&#8221;_self&#8221; column_position=&#8221;default&#8221; gradient_direction=&#8221;left_to_right&#8221; overlay_strength=&#8221;0.3&#8243; width=&#8221;1\/1&#8243; tablet_width_inherit=&#8221;default&#8221; animation_type=&#8221;default&#8221; bg_image_animation=&#8221;none&#8221; border_type=&#8221;simple&#8221; column_border_width=&#8221;none&#8221; column_border_style=&#8221;solid&#8221;][vc_column_text css=&#8221;&#8221; text_direction=&#8221;default&#8221;]\n<h2>Reglament de Funcionament i R\u00e8gim Intern de la Junta Central Fallera de Val\u00e8ncia<\/h2>\n<p style=\"text-align: justify;\">Data d\u2019aprovaci\u00f3 definitiva: 25.04.03<br \/>\nPublicaci\u00f3 B.O.P.: 29.05.03<\/p>\n<p style=\"text-align: justify;\">Modificada per acord de: 25.07.2008<br \/>\nPublicaci\u00f3 B.O.P.: 08.11.2008<\/p>\n<p style=\"text-align: justify;\"><strong>Cap\u00edtol I. Disposicions generals<\/strong><\/p>\n<p style=\"text-align: justify;\">Art. 1. Naturalesa i denominaci\u00f3 de l&#8217;organisme aut\u00f2nom local Junta Central Fallera de Val\u00e8ncia.<\/p>\n<p style=\"text-align: justify;\">1.1. L&#8217;organisme aut\u00f2nom local Junta Central Fallera de Val\u00e8ncia, abreviadament i per les seues sigles JCFV\/OAMV, \u00e9s una entitat de dret p\u00fablic de naturalesa institucional, que dep\u00e9n del municipi de Val\u00e8ncia. T\u00e9 car\u00e0cter administratiu a efectes del seu r\u00e8gim pressupostari i comptable.Es crea per temps indefinit, sense perju\u00ed de la seua dissoluci\u00f3 i liquidaci\u00f3 de conformitat amb el procediment previst en el present reglament de R\u00e8gim Intern.<\/p>\n<p style=\"text-align: justify;\">1.2. A este efecte, podran establir-se per la pr\u00f2pia JCF, els logotips, marques i denominacions que s&#8217;estimen oportunes per a la seua millora i m\u00e9s \u00e0mplia difusi\u00f3 i identificaci\u00f3.<\/p>\n<p style=\"text-align: justify;\">Art. 2. R\u00e8gim jur\u00eddic normatiu aplicable<\/p>\n<p style=\"text-align: justify;\">2.1. L&#8217;activitat de la Junta Central Fallera, queda subjecta:<\/p>\n<p style=\"text-align: justify;\">a) Quant a la seua personalitat juridicop\u00fablica i relacions interadministratives, queda sotmesa a la Llei 30\/1992, de 26 de novembre de R\u00e8gim Jur\u00eddic de les Administracions P\u00fabliques i del Procediment Administratiu Com\u00fa, modificada per Llei 4\/1999, de 13 de gener; aix\u00ed com per la Llei<br \/>\n7\/1985, 2 d\u2019abril, reguladora de les Bases de R\u00e8gim Local, i la resta de normativa aplicable.<\/p>\n<p style=\"text-align: justify;\">b) La resta de la seua activitat es regix per les particularitats arreplegades en el reglament faller, aix\u00ed com pel present Reglament de R\u00e8gim Intern, normes i instruccions de JCF i per les normes de dret privat: civil, mercantil o laboral.<\/p>\n<p style=\"text-align: justify;\">2.2. Com a persona juridicop\u00fablica institucional, l&#8217;organisme aut\u00f2nom local Junta Central Fallera de Val\u00e8ncia, ostenta les prerrogatives, potestats i beneficis previstos en la normativa aplicable.<\/p>\n<p style=\"text-align: justify;\">Art.3. Seu de la Junta Central Fallera de Val\u00e8ncia<\/p>\n<p style=\"text-align: justify;\">3.1. La seu ordin\u00e0ria de la Junta Central Fallera de Val\u00e8ncia, radica en l&#8217;edifici situat a l&#8217;av. de la Plata, n\u00fam. 117, de la ciutat de Val\u00e8ncia.<\/p>\n<p style=\"text-align: justify;\">3.2. No obstant aix\u00f2, seran v\u00e0lids els acords, resolucions i la resta d&#8217;actes jur\u00eddics emanats de la dita entitat, si s&#8217;adopten en la casa consistorial o en qualsevol de les depend\u00e8ncies municipals.<\/p>\n<p style=\"text-align: justify;\">Art.4. Components de la Junta Central Fallera<\/p>\n<p style=\"text-align: justify;\">4.1. Components de la Junta Central Fallera<\/p>\n<p style=\"text-align: justify;\">La Junta Central Fallera estar\u00e0 formada pels membres seg\u00fcents:<\/p>\n<p style=\"text-align: justify;\">a) L&#8217;alcalde de l&#8217;Excel\u2022lent\u00edssim Ajuntament de Val\u00e8ncia, com a president nat de l&#8217;organisme.<\/p>\n<p>b) El regidor de l&#8217;Excel\u2022lent\u00edssim Ajuntament de Val\u00e8ncia que designe l&#8217;alcalde, com a president executiu de l&#8217;organisme.<br \/>\nc) El Consell Rector.<br \/>\nd) Vocals electes, designats pels sectors fallers.<br \/>\ne) Vocals de lliure designaci\u00f3 pel president de la Junta Central Fallera. f) El coordinador general.<\/p>\n<p style=\"text-align: justify;\">4.2. Quant al n\u00famero i duraci\u00f3 del c\u00e0rrec dels vocals, tant electes com designats, caldr\u00e0 ajustar-se al que disposa l&#8217;article 46.1 del vigent reglament faller.<\/p>\n<p style=\"text-align: justify;\"><strong>Cap\u00edtol II. Fins de la Junta Central Fallera de Val\u00e8ncia<\/strong><\/p>\n<p style=\"text-align: justify;\">Art.5. Disposici\u00f3 general<\/p>\n<p style=\"text-align: justify;\">5.1. La Junta Central Fallera, com a organisme aut\u00f2nom local, \u00e9s aquell col\u2022lectiu que per delegaci\u00f3 i en r\u00e8gim de descentralitzaci\u00f3 de l&#8217;Excm. Ajuntament de Val\u00e8ncia, exercix la funci\u00f3 rectora i de coordinaci\u00f3 entre les comissions falleres, respecte de les activitats relacionades amb la festa de les Falles de la ciutat de Val\u00e8ncia.<\/p>\n<p style=\"text-align: justify;\">5.2. Per al compliment de tals fins, t\u00e9 la Junta Central Fallera capacitat jur\u00eddica i d&#8217;obrar, a trav\u00e9s dels \u00f2rgans previstos en el present reglament.<\/p>\n<p style=\"text-align: justify;\">Amb este fi i, en compliment del que preveu el vigent reglament faller, per part de l&#8217;Excm. Ajuntament de Val\u00e8ncia, es dotar\u00e0 a la Junta Central Fallera dels recursos necessaris per al compliment dels dits fins.<\/p>\n<p style=\"text-align: justify;\">Art.6. Enumeraci\u00f3 dels seus fins<\/p>\n<p style=\"text-align: justify;\">6.1. Correspon a la Junta Central Fallera proposar, organitzar i vetlar pel correcte desenvolupament dels festejos i activitats que comprometen al conjunt de les comissions falleres, aix\u00ed com la cooperaci\u00f3 amb les institucions i la resta d&#8217;organismes p\u00fablics o privats amb vista al major \u00e8xit, difusi\u00f3 i prestigi de les Falles de la ciutat de Val\u00e8ncia.<\/p>\n<p style=\"text-align: justify;\">6.2. En execuci\u00f3 d&#8217;all\u00f2 que s&#8217;ha previst amb car\u00e0cter general en l&#8217;article anterior i en l&#8217;apartat 5.1, particular i priorit\u00e0riament, correspon a la Junta Central Fallera:<\/p>\n<p style=\"text-align: justify;\">a) Complir i garantir el compliment del reglament faller, del present reglament de R\u00e8gim<\/p>\n<p style=\"text-align: justify;\">Intern i de les altres instruccions emanades de la Junta Central Fallera.<\/p>\n<p style=\"text-align: justify;\">b) Proposar, programar, organitzar, coordinar i vetlar pel desenvolupament de les activitats pr\u00f2pies de la festa de les Falles dins del marc de les disponibilitats econ\u00f2miques de l&#8217;organisme, aix\u00ed com estretir els lla\u00e7os de cordialitat i harmonia entre les diferents comissions falleres de la ciutat de Val\u00e8ncia.<\/p>\n<p>c) Estudiar i resoldre, si \u00e9s el cas, qualsevol q\u00fcesti\u00f3 d&#8217;\u00edndole general, que pogueren interessar a les comissions falleres, actuant d&#8217;ofici, si procedira, a fi d&#8217;evitar qualsevol infracci\u00f3 o conducta negligent que poguera cometre&#8217;s per una comissi\u00f3 de falla.<\/p>\n<p style=\"text-align: justify;\">d) Sancionar, en cas d&#8217;infracci\u00f3 per part de les comissions de falla, aix\u00ed com de qualsevol dels membres de la Junta Central Fallera de qualsevol conducta contr\u00e0ria al reglament faller i al present reglament de R\u00e8gim Intern i la resta de normes emanades de JCF.<\/p>\n<p style=\"text-align: justify;\">e) Promoure i fomentar el desenvolupament de les tradicions i cultures valencianes i, per tant, custodiar, conservar i organitzar els arxius hist\u00f2rics, documentals i art\u00edstics de la Junta Central Fallera i de les diferents comissions de falla.<\/p>\n<p style=\"text-align: justify;\">f) Intervindre, inspeccionar aix\u00ed com fiscalitzar i tutelar la comptabilitat de les comissions de falla, en els casos en qu\u00e8 f\u00f3ra necessari, en compliment del que disposa el vigent reglament faller.<\/p>\n<p style=\"text-align: justify;\">g) Expedir els carnets fallers d&#8217;identificaci\u00f3 personal a aquells fallers\/res, empadronats i que aix\u00ed ho sol\u2022liciten.<\/p>\n<p style=\"text-align: justify;\">h) Fomentar i promoure en tots els \u00e0mbits de la seua actuaci\u00f3 l&#8217;\u00fas de la llengua valenciana, i amb car\u00e0cter espec\u00edfic, en els documents escrits, que s\u2019at\u00e9n a all\u00f2 que s&#8217;ha indicat en l&#8217;article 1.5 del vigent reglament faller.<\/p>\n<p style=\"text-align: justify;\">i) Crear, reafirmar i mantindre el prestigi de la imatge del nom Junta Central Fallera.<\/p>\n<p style=\"text-align: justify;\">j) Instar les autoritats i organismes competents la tramitaci\u00f3 d&#8217;ajudes i concerts econ\u00f2mics per al finan\u00e7ament d&#8217;activitats i programes relacionats amb la festa de les Falles, aix\u00ed com acordar la forma de gestionar qualsevol subvenci\u00f3 econ\u00f2mica que es reba.<\/p>\n<p style=\"text-align: justify;\">k) Aix\u00ed mateix, la Junta Central Fallera, podr\u00e0 proposar l&#8217;organitzaci\u00f3 i desenvolupament de quantes funcions, servicis o gestions siguen d&#8217;inter\u00e9s general per a la festa de les Falles de la ciutat de Val\u00e8ncia.<\/p>\n<p style=\"text-align: justify;\">l) Subscriure els convenis de col\u2022laboraci\u00f3 amb les Juntes Locals, degudament constitu\u00efdes i amb les comissions de falla de localitats que no estiguen conformades com a tals, a fi de fomentar les relacions d&#8217;inter\u00e9s mutu i a efectes d&#8217;assessorament, jurats o qualsevol activitat pr\u00f2pia de la festa fallera d&#8217;inter\u00e9s com\u00fa.<\/p>\n<p style=\"text-align: justify;\">m)Qualssevol altres fins que li conferisca el reglament faller, aix\u00ed com el present Reglament de R\u00e8gim Intern.<\/p>\n<p style=\"text-align: justify;\"><strong>Cap\u00edtol III. Del funcionament de la JCF: els \u00f2rgans rectors<\/strong><\/p>\n<p style=\"text-align: justify;\">Secci\u00f3 Primera. \u00d2rgans rectors. Disposicions generals<\/p>\n<p>Art.7. Disposici\u00f3 general<\/p>\n<p style=\"text-align: justify;\">7.1. La Junta Central Fallera exercir\u00e0 les seues funcions a trav\u00e9s dels \u00f2rgans de govern i l\u2019administraci\u00f3; de direcci\u00f3 i coordinaci\u00f3 que es regulen en el present reglament de R\u00e8gim Intern, a qu\u00e8 subjectaran la seua activitat, com a garant del seu lliure funcionament.<\/p>\n<p style=\"text-align: justify;\">No obstant, actuaran amb independ\u00e8ncia en l&#8217;exercici de les seues funcions, sota la tutela i direcci\u00f3 de l&#8217;Excm. Ajuntament de Val\u00e8ncia.<\/p>\n<p style=\"text-align: justify;\">7.2.Sense perju\u00ed del que preveuen els apartats anteriors, la Junta Central podr\u00e0 acordar la creaci\u00f3 de comissions especialitzades, de treball i altres c\u00e0rrecs de car\u00e0cter auxiliar, que exerciran funcions de suport, d&#8217;impuls i de treball en l&#8217;\u00e0mbit de les seues compet\u00e8ncies.<\/p>\n<p style=\"text-align: justify;\">7.3. Els components de la JCF usaran com a distintiu propi en la celebraci\u00f3 dels actes oficials, l&#8217;escut o ins\u00edgnia de la Junta Central Fallera i utilitzaran la indument\u00e0ria prevista en els articles 64 i seg\u00fcents del vigent reglament faller, segons les circumst\u00e0ncies del servici.<\/p>\n<p style=\"text-align: justify;\">Art.8. Dels diferents \u00f2rgans de la Junta Central Fallera<\/p>\n<p style=\"text-align: justify;\">8.1. La gesti\u00f3 de la Junta Central Fallera estar\u00e0 a c\u00e0rrec i ser\u00e0 exercida pel seu president i els c\u00e0rrecs directius reglament\u00e0riament previstos.<\/p>\n<p style=\"text-align: justify;\">La seua composici\u00f3 i l&#8217;exercici de les seues funcions seran les que s&#8217;establisquen en el present reglament de R\u00e8gim Intern.<\/p>\n<p style=\"text-align: justify;\">8.2. Dels diferents \u00f2rgans de la Junta Central Fallera<\/p>\n<p style=\"text-align: justify;\">Aix\u00ed mateix la Junta Central Fallera comptar\u00e0 amb els seg\u00fcents \u00f2rgans de direcci\u00f3 i coordinaci\u00f3: el Consell Rector, l&#8217;Assemblea General, sectors fallers, el Ple i les delegacions. Nom\u00e9s als efectes de la seua regulaci\u00f3, en el present Reglament de R\u00e8gim Intern, es determinar\u00e0 la composici\u00f3 i l&#8217;exercici de les funcions del Consell Rector, del Ple i de les delegacions.<\/p>\n<p style=\"text-align: justify;\">8.3. La Junta Central Fallera disposar\u00e0 d&#8217;una Comissi\u00f3 de Recursos, aix\u00ed com d&#8217;un Servici de Consulta i Assessorament Jur\u00eddic.<\/p>\n<p style=\"text-align: justify;\">Article 9. De la resta de c\u00e0rrecs<\/p>\n<p style=\"text-align: justify;\">Aix\u00ed mateix es preveu l&#8217;exist\u00e8ncia del c\u00e0rrec d&#8217;interventor econ\u00f2mic, del secretari administratiu, del coordinador general, aix\u00ed com del personal administratiu i laboral, el nomenament del qual, funcions i cessament es regir\u00e0 per la normativa aplicable.<\/p>\n<p style=\"text-align: justify;\">Secci\u00f3 segona. Del president i els c\u00e0rrecs directius de la JCF<\/p>\n<p style=\"text-align: justify;\">Art.10. Designaci\u00f3 i nomenament del president: duraci\u00f3 del mandat i cessament. C\u00e0rrecs directius<\/p>\n<p style=\"text-align: justify;\">10.1. La Presid\u00e8ncia de la Junta Central Fallera, aix\u00ed com dels seus \u00f2rgans i de l&#8217;Assemblea General de Presidents de Val\u00e8ncia, l&#8217;ostentar\u00e0 l&#8217;Alcaldia de la ciutat de Val\u00e8ncia, qui podr\u00e0 delegar l&#8217;exercici efectiu de les seues compet\u00e8ncies i atribucions en el regidor de la corporaci\u00f3 municipal, que a este efecte, designe.<\/p>\n<p>10.2. C\u00e0rrecs directius de la Junta Central Fallera<\/p>\n<p style=\"text-align: justify;\">S\u00f3n c\u00e0rrecs directius de la Junta Central Fallera els seg\u00fcents:<\/p>\n<p style=\"text-align: justify;\">a) President nat.<br \/>\nb) President executiu.<br \/>\nc) Coordinador general. d) Cinc vicepresidents. e) Secretari general.<br \/>\nf) Delegats i secretaris de cada una de les delegacions existents.<\/p>\n<p style=\"text-align: justify;\">La designaci\u00f3 dels c\u00e0rrecs directius s&#8217;ajustar\u00e0 a les normes determinades en el present Reglament de R\u00e8gim Intern, sempre que no s&#8217;opose a all\u00f2 que disposa la Llei 7\/85, de 2 d&#8217;abril, Reguladora de les Bases de R\u00e8gim Local, modificada per la Llei 57\/2003, de 16 de desembre, de Mesures per a la Modernitzaci\u00f3 del Govern Local.<\/p>\n<p style=\"text-align: justify;\">Art.11. Atribucions i r\u00e8gim de compet\u00e8ncies<\/p>\n<p style=\"text-align: justify;\">Corresponen al president de la JCF les atribucions seg\u00fcents:<\/p>\n<p style=\"text-align: justify;\">1r. Ostentar, en totes les q\u00fcestions en qu\u00e8 aix\u00ed es requerisca, la representaci\u00f3 de la Junta Central Fallera, exercitar qualsevol classe d&#8217;accions legals en defensa dels interessos de tal organisme, i donar compte als \u00f2rgans competents.<\/p>\n<p style=\"text-align: justify;\">2n. Convocar, presidir, suspendre i al\u00e7ar les sessions dels \u00f2rgans col\u2022legiats de la JCF, aix\u00ed com moderar els debats i dirigir les deliberacions; disposar de vot de qualitat en cas d&#8217;empat.<\/p>\n<p style=\"text-align: justify;\">3r. Dirigir, inspeccionar, supervisar i impulsar tots els servicis i activitats pr\u00f2pies i la resta de festejos de la Junta, a trav\u00e9s de les delegacions.<\/p>\n<p style=\"text-align: justify;\">4t. Disposar l&#8217;ordenaci\u00f3 dels pagaments i despeses dins dels l\u00edmits quantitatius i condicions que a este efecte s&#8217;establisquen per la normativa aplicable, aix\u00ed com en les Bases d&#8217;Execuci\u00f3 del Pressupost Municipal.<\/p>\n<p style=\"text-align: justify;\">5\u00e9. Atribucions del president<\/p>\n<p style=\"text-align: justify;\">Exercir la direcci\u00f3 de tot el personal i directament la del secretari administratiu, la de l\u2019interventor delegat i la de la resta de personal administratiu, subjectes a la normativa aplicable.<\/p>\n<p style=\"text-align: justify;\">6\u00e9. Concertar operacions de tresoreria en els termes i davall els l\u00edmits previstos en la normativa aplicable i en les bases d&#8217;execuci\u00f3 del pressupost general municipal.<\/p>\n<p style=\"text-align: justify;\">7\u00e9. La firma de quants actes i documents impliquen drets i obligacions per a l&#8217;organisme, en execuci\u00f3 dels acords adoptats pels \u00f2rgans col\u2022legiats i acordar l&#8217;obertura en entitats financeres de qualsevol classe de comptes corrents i d&#8217;estalvi, aix\u00ed com procedir a la seua cancel\u2022laci\u00f3.<\/p>\n<p style=\"text-align: justify;\">8\u00e9. Elevar en uni\u00f3 dels c\u00e0rrecs directius propostes d&#8217;acord amb els \u00f2rgans col\u2022legiats en mat\u00e8ries de la seua compet\u00e8ncia.<\/p>\n<p style=\"text-align: justify;\">9\u00e9. Adoptar mesures necess\u00e0ries que es requerisquen en cas d&#8217;urg\u00e8ncia, i donar compte amb posterioritat als \u00f2rgans col\u2022legiats corresponents.<\/p>\n<p>10\u00e9. Proposar a l&#8217;Alcaldia l&#8217;aprovaci\u00f3 de la liquidaci\u00f3 anual del pressupost de l&#8217;organisme, una vegada informada per la intervenci\u00f3 d\u2019este.<\/p>\n<p style=\"text-align: justify;\">11\u00e9. Anomenar, aix\u00ed com remoure els c\u00e0rrecs directius de l&#8217;organisme, encomanant al secretari general donar a con\u00e9ixer l&#8217;organigrama de JCF.<\/p>\n<p style=\"text-align: justify;\">12\u00e9. Aquelles altres que espec\u00edficament preveja la legislaci\u00f3 aplicable i que no s&#8217;atribu\u00efsquen amb car\u00e0cter expr\u00e9s a altres \u00f2rgans de l&#8217;organisme.<\/p>\n<p style=\"text-align: justify;\">Secci\u00f3 tercera. Dels vicepresidents de la JCF.<\/p>\n<p style=\"text-align: justify;\">Art.12. Designaci\u00f3 i nomenament. Duraci\u00f3 en el c\u00e0rrec. Cessament<\/p>\n<p style=\"text-align: justify;\">12.1. Correspon al president de la Junta Central Fallera la designaci\u00f3, pr\u00e8via acreditaci\u00f3 del compliment dels requisits establits en l&#8217;article 43, apartats 3 i 4 del Reglament Faller, del c\u00e0rrec de vicepresident de la pr\u00f2pia Junta Central Fallera, i donar compte de la seua designaci\u00f3 als \u00f2rgans col\u2022legiats de la dita entitat.<\/p>\n<p style=\"text-align: justify;\">12.2. La duraci\u00f3 del c\u00e0rrec dels vicepresidents estar\u00e0 supeditada al mandat del president de la Junta Central Fallera.<\/p>\n<p style=\"text-align: justify;\">Art.13. Atribucions i compet\u00e8ncies<\/p>\n<p style=\"text-align: justify;\">13.1. Correspon als vicepresidents substituir, pel seu propi orde, al president en cas d&#8217;abs\u00e8ncia o malaltia.<\/p>\n<p style=\"text-align: justify;\">13.2. Aix\u00ed mateix, els vicepresidents exerciran les funcions que expressament li siguen atribu\u00efdes pel president de Junta Central Fallera i, en concret:<\/p>\n<p style=\"text-align: justify;\">1r. Exercir la supervisi\u00f3 de les funcions encomanades a les delegacions que estiguen davall la seua direcci\u00f3 i tutela.<\/p>\n<p style=\"text-align: justify;\">2n. Proposar al president la designaci\u00f3, aix\u00ed com el cessament dels vocals i la resta de membres de les seues respectives delegacions, que inclouen als delegats o titulars d\u2019estes.<\/p>\n<p style=\"text-align: justify;\">3r. Proposar al president la creaci\u00f3 de comissions de treball i altres c\u00e0rrecs auxiliars, principalment de suport, per al millor compliment dels fins previnguts en el present reglament.<\/p>\n<p style=\"text-align: justify;\">4t. Elevar propostes, verbals o escrites, al president, o si \u00e9s el cas als altres c\u00e0rrecs directius, per al seu estudi, a fi d&#8217;impulsar el millor desenvolupament de les delegacions que estiguen sota la seua responsabilitat.<\/p>\n<p style=\"text-align: justify;\">5\u00e9. Retre comptes de la gesti\u00f3, en l&#8217;\u00e0mbit de les seues compet\u00e8ncies, al president de la<\/p>\n<p style=\"text-align: justify;\">Junta Central Fallera i al ple, si \u00e9s el cas.<\/p>\n<p>6\u00e9. Exercir, per delegaci\u00f3 del president de la Junta Central Fallera, les funcions de representaci\u00f3 que els corresponga en el desenvolupament de les activitats falleres.<\/p>\n<p style=\"text-align: justify;\">7\u00e9. La resta que es dedu\u00efsquen de l&#8217;aplicaci\u00f3 del present reglament. Secci\u00f3 quarta. Del secretari general de la JCF.<br \/>\nArt.14. Designaci\u00f3 i nomenament. Duraci\u00f3 en el c\u00e0rrec i cessament<\/p>\n<p style=\"text-align: justify;\">14.1. El secretari general de la Junta Central Fallera ser\u00e0 designat, pr\u00e8via acreditaci\u00f3 del compliment dels requisits exigits en el reglament faller, pel president de JCF, que donar\u00e0 compte d\u2019a\u00e7\u00f2 al ple, aix\u00ed com a l&#8217;Assemblea de Presidents en la primera sessi\u00f3 que celebren.<\/p>\n<p style=\"text-align: justify;\">14.2. La duraci\u00f3 del c\u00e0rrec de secretari general de la JCF estar\u00e0 supeditada al mandat del president de la JCF de Val\u00e8ncia.<\/p>\n<p style=\"text-align: justify;\">Art.15. R\u00e8gim de compet\u00e8ncies<\/p>\n<p style=\"text-align: justify;\">15.1. El secretari general de la JCF exercir\u00e0 les atribucions que expressament li impute el president de JCF.<\/p>\n<p style=\"text-align: justify;\">15.2. En particular, s\u00f3n funcions del secretari general de la JCF les seg\u00fcents:<\/p>\n<p style=\"text-align: justify;\">1er. Al\u00e7ar acta del ple de la JCF i de l&#8217;Assemblea General de Presidents, d&#8217;acord amb l&#8217;art.57.3 del Reglament Faller, aix\u00ed com custodiar els respectius llibres d&#8217;actes, que pot delegar la dita funci\u00f3 en el secretari d&#8217;actes que a este efecte designe.<\/p>\n<p style=\"text-align: justify;\">2n. Preparar els assumptes que hagen de ser inclosos en l&#8217;orde del dia del ple i de l&#8217;Assemblea General; hauran de custodiar la documentaci\u00f3 i els expedients que la integren, i fer la notificaci\u00f3 amb la deguda antelaci\u00f3 a tots els components del ple i de l&#8217;assemblea.<\/p>\n<p style=\"text-align: justify;\">3r. La coordinaci\u00f3 de totes les delegacions de la JCF en relaci\u00f3 als vocals; i, en particular, segons l&#8217;art.47-e del Reglament Faller, promoure la destituci\u00f3 d&#8217;estos, a proposta del vicepresident de l&#8217;\u00e0rea, quan hi haja causa greu o manifest incompliment de les seues obligacions, que incoen el preceptiu expedient sancionador.<\/p>\n<p style=\"text-align: justify;\">4rt. Portar la cust\u00f2dia i registre dels presidents de les distintes comissions de falla, aix\u00ed com dels presidents de les agrupacions, vocals electes o designats i adjunts.<\/p>\n<p style=\"text-align: justify;\">5\u00e9. Acompanyar el president de la JCF, en els actes oficials i visites a les autoritats, a efectes protocol\u2022laris.<\/p>\n<p style=\"text-align: justify;\">6\u00e9. Rebre propostes dels c\u00e0rrecs directius almenys 15 dies abans de la celebraci\u00f3 dels plens, per a proposar la seua inclusi\u00f3 en l&#8217;orde del dia o tractar qualsevol altre assumpte que s&#8217;haja de traslladar al ple.<\/p>\n<p>Secci\u00f3 quinta. Del secretari-delegat administratiu de la JCF.<\/p>\n<p style=\"text-align: justify;\">Art.16. Designaci\u00f3 i nomenament. Cessament. R\u00e8gim de compet\u00e8ncies<\/p>\n<p style=\"text-align: justify;\">16.1. Del secretari administratiu de la Junta Central Fallera<\/p>\n<p style=\"text-align: justify;\">La secretaria administrativa de la Junta Central Fallera correspondr\u00e0 al secretari general de l&#8217;Administraci\u00f3 municipal, sense perju\u00ed que puga delegar-se a favor d&#8217;altres funcionaris municipals.<\/p>\n<p style=\"text-align: justify;\">16.2. Del secretari administratiu de la Junta Central Fallera<\/p>\n<p style=\"text-align: justify;\">Exerciran les funcions reservades, atribu\u00efdes als secretaris de l&#8217;Ajuntament de Val\u00e8ncia, sense perju\u00ed de qu\u00e8 corresponguen als lletrats de l&#8217;Assessoria Jur\u00eddica Municipal.<\/p>\n<p style=\"text-align: justify;\">16.3. Les seues compet\u00e8ncies seran les que, si \u00e9s el cas, es determinen en els arts.1 i 2 del dit reial decret, i assistir en veu, per\u00f2 sense vot a les reunions del ple.<\/p>\n<p style=\"text-align: justify;\">16.4. A este efecte, li correspon supervisar en l&#8217;orde administratiu i de legalitat quants actes i documents oficials es redacten o tramiten en la JCF. Les altres actuacions de naturalesa o \u00edndole estrictament fallera seran de compet\u00e8ncia del secretari general de la JCF.<\/p>\n<p style=\"text-align: justify;\">Secci\u00f3 sisena. Del ple de la Junta Central Fallera.<\/p>\n<p style=\"text-align: justify;\">Art. 17. Naturalesa i composici\u00f3<\/p>\n<p style=\"text-align: justify;\">17.1. Del Ple de la Junta Central Fallera. Naturalesa<\/p>\n<p style=\"text-align: justify;\">El Ple, en la seua naturalesa d&#8217;\u00f2rgan deliberant amb car\u00e0cter decisori, es constitu\u00efx com la inst\u00e0ncia de m\u00e0xima decisi\u00f3 en el si de la Junta Central Fallera en aquelles funcions de naturalesa fallera que siguen de la seua compet\u00e8ncia.<\/p>\n<p style=\"text-align: justify;\">17.2. Estar\u00e0 integrat pels seg\u00fcents components, i que tindran tots ells reconegut veu i vot per a intervindre en les seues sessions:<\/p>\n<p style=\"text-align: justify;\">a) Els c\u00e0rrecs directius de la Junta Central Fallera. b) Els vocals de la Junta Central Fallera.<br \/>\nc) Els presidents o c\u00e0rrecs designats per cada una de les agrupacions de falles, que hauran de comunicar la seua designaci\u00f3 a la JCF.<\/p>\n<p style=\"text-align: justify;\">Art. 18. Compet\u00e8ncia i funcions<\/p>\n<p style=\"text-align: justify;\">El ple exercir\u00e0 les funcions seg\u00fcents:<\/p>\n<p style=\"text-align: justify;\">Fallera.<\/p>\n<p>a) Adoptar els acords en aquells assumptes de compet\u00e8ncia interna de la Junta Central<\/p>\n<p style=\"text-align: justify;\">b) Concretar les bases i normes organitzatives dels actes festius propis, elevant dites proposades a l&#8217;Assemblea General per a la seua aprovaci\u00f3 definitiva.<\/p>\n<p>c) Elaborar les bases, de qualssevol altres activitats i actes festius previstos en el Reglament Faller, i convocar per a aix\u00f2, reunions monogr\u00e0fiques, per al seu debat entre les diferents comissions falleres participants, aix\u00ed com proposar a l&#8217;Assemblea General de Presidents la supressi\u00f3 o modificaci\u00f3 d\u2019estes reunions.<\/p>\n<p style=\"text-align: justify;\">d) Proposar al ple de la corporaci\u00f3 municipal, l&#8217;aprovaci\u00f3 i modificaci\u00f3, si \u00e9s el cas, del<\/p>\n<p style=\"text-align: justify;\">Reglament de R\u00e8gim Intern de la Junta Central Fallera, aix\u00ed com vetlar pel seu estricte compliment.<\/p>\n<p style=\"text-align: justify;\">e) Debatre i aprovar les propostes que requerisquen ser sotmeses a l&#8217;aprovaci\u00f3 ulterior per l&#8217;Assemblea General.<\/p>\n<p style=\"text-align: justify;\">f) Con\u00e9ixer dels convenis de col\u2022laboraci\u00f3 subscrits per la Junta Central Fallera amb les juntes locals degudament constitu\u00efdes que, a fi de fomentar les relacions d&#8217;inter\u00e9s mutu, es firmen als efectes d&#8217;assessorament, jurats o qualsevol altra activitat pr\u00f2pia de la festa fallera d&#8217;inter\u00e9s com\u00fa.<\/p>\n<p style=\"text-align: justify;\">g) Con\u00e9ixer i aprovar els convenis de col\u2022laboraci\u00f3 subscrits per la Junta Central Fallera amb les altres entitats p\u00fabliques i privades, i que redunden en benefici de qualsevol activitat pr\u00f2pia de la festa fallera i siga d&#8217;inter\u00e9s com\u00fa.<\/p>\n<p style=\"text-align: justify;\">h) Con\u00e9ixer la gesti\u00f3 del pressupost de l&#8217;exercici faller<\/p>\n<p style=\"text-align: justify;\">i) Aprovar la sanci\u00f3, que si \u00e9s el cas corresponga, pr\u00e8via instrucci\u00f3 de l&#8217;oport\u00fa expedient.<\/p>\n<p style=\"text-align: justify;\">j) Elevar a la presid\u00e8ncia de la JCF la proposta de nomenament de la Fallera Major i Fallera<\/p>\n<p style=\"text-align: justify;\">Major Infantil de Val\u00e8ncia, segons la fallada emesa pel jurat triat a este efecte.<\/p>\n<p style=\"text-align: justify;\">k) No divulgar les mat\u00e8ries objecte del ple abans de la seua celebraci\u00f3.<\/p>\n<p style=\"text-align: justify;\">l) Les altres funcions pr\u00f2pies del ple, que expressament no s&#8217;atribu\u00efsquen a altres \u00f2rgans.<\/p>\n<p style=\"text-align: justify;\">Article 18bis. Consell Rector<\/p>\n<p style=\"text-align: justify;\">1. Naturalesa del Consell Rector<\/p>\n<p style=\"text-align: justify;\">El Consell Rector \u00e9s el m\u00e0xim \u00f2rgan de govern i de direcci\u00f3 de l&#8217;activitat administrativa de la Junta<br \/>\nCentral Fallera a la qual li correspon vetlar per la consecuci\u00f3 dels objectius assignats al mateix.<\/p>\n<p style=\"text-align: justify;\">2. Composici\u00f3 del Consell Rector<\/p>\n<p style=\"text-align: justify;\">1. La presid\u00e8ncia del Consell Rector l&#8217;ostentar\u00e0 l&#8217;Alcaldia de la ciutat de Val\u00e8ncia, qui podr\u00e0 delegar l&#8217;exercici efectiu de les seues compet\u00e8ncies i atribucions en el president executiu de la Junta Central Fallera.<br \/>\n2. Els membres del Consell Rector seran anomenats i, si \u00e9s el cas, cessats per acord de la<br \/>\nJunta de Govern Local de l&#8217;Ajuntament de Val\u00e8ncia, conforme als criteris seg\u00fcents:<\/p>\n<p style=\"text-align: justify;\">a) Cada grup pol\u00edtic municipal proposar\u00e0 a la Junta de Govern Local, en proporci\u00f3 a la seua representativitat, el nombre de vocals que li corresponguen en el Consell Rector. El nombre de membres, en representaci\u00f3 dels grups pol\u00edtics, ser\u00e0 el mateix que s&#8217;establisca per a les comissions informatives.<br \/>\nb) Els vocals restants seran proposats pel director i coordinador de l&#8217;\u00e0rea de govern.<\/p>\n<p>En tot cas, el nombre total i la composici\u00f3 dels membres del Consell Rector s&#8217;adequar\u00e0 a all\u00f2 que es dispose respecte de les comissions del Ple de l&#8217;Ajuntament, que quedaran fixades en cada mandat corporatiu.<\/p>\n<p style=\"text-align: justify;\">3. Els vocals del Consell Rector seran proposats entre persones que reunisquen alguna de les condicions seg\u00fcents:<\/p>\n<p style=\"text-align: justify;\">a) Que siguen regidors de l&#8217;Ajuntament de Val\u00e8ncia, membres de la Junta de Govern Local que no ostenten la condici\u00f3 de regidor o titulars d&#8217;\u00f2rgans directius.<br \/>\nb) Que es tracte de persones de reconeguda compet\u00e8ncia en les mat\u00e8ries atribu\u00efdes a l&#8217;organisme aut\u00f2nom.<br \/>\nc) Que es tracte de representants de les organitzacions socials, empresarials i sindicals, l&#8217;\u00e0mbit d&#8217;actuaci\u00f3 de les quals estiga relacionat amb l&#8217;activitat exercida per l\u2019organisme aut\u00f2nom.<\/p>\n<p style=\"text-align: justify;\">4. El secretari del Consell Rector ser\u00e0 el secretari general de l&#8217;Administraci\u00f3 municipal, que podr\u00e0 delegar esta funci\u00f3 en qualsevol dels secretaris que integren la secretaria municipal, en els termes previstos en l&#8217;article 63 del Reglament Org\u00e0nic de Govern i Administraci\u00f3 de l&#8217;Ajuntament de Val\u00e8ncia.<\/p>\n<p style=\"text-align: justify;\">5. Podran assistir a les sessions del Consell, pr\u00e8via indicaci\u00f3 expressa del seu president, les persones que ocupen els llocs seg\u00fcents:<\/p>\n<p style=\"text-align: justify;\">&#8211; Interventor de l&#8217;organisme o el seu delegat.<br \/>\n&#8211; Coordinador general.<\/p>\n<p style=\"text-align: justify;\">L&#8217;assist\u00e8ncia a les sessions del personal assenyalat en este apartat, ho ser\u00e0 a efectes d&#8217;informaci\u00f3, assessorament i funcions semblants en l&#8217;\u00e0mbit de les seues respectives comeses professionals, sense que ostenten dret a vot.<\/p>\n<p style=\"text-align: justify;\">6. Funcions del Consell Rector<\/p>\n<p style=\"text-align: justify;\">&#8211; Control i fiscalitzaci\u00f3 de l&#8217;activitat administrativa de la Junta Central Fallera.<br \/>\n&#8211; Aprovar l&#8217;avantprojecte del pressupost i elevar-ho a l&#8217;aprovaci\u00f3 de l&#8217;\u00f2rgan municipal competent.<br \/>\n&#8211; Aprovar el projecte de comptes anuals i sotmetre-les a l&#8217;aprovaci\u00f3 de l&#8217;\u00f2rgan municipal competent.<br \/>\n&#8211; Aprovaci\u00f3 del projecte de l\u2019&#8217;Ordenan\u00e7a de Preus P\u00fablics i sotmetre-la a l&#8217;aprovaci\u00f3 de<br \/>\nl&#8217;\u00f2rgan municipal competent.<br \/>\n&#8211; Aprovar, previ els informes oportuns, el projecte de la plantilla de personal i les seues modificacions, aix\u00ed com la relaci\u00f3 de llocs de treball i elevar-los a l&#8217;aprovaci\u00f3 definitiva de l&#8217;\u00f2rgan municipal competent.<br \/>\n&#8211; Aprovar l&#8217;organitzaci\u00f3 o estructura administrativa de la Junta Central Fallera amb un informe previ de la secretaria administrativa.<br \/>\n&#8211; Ratificar l&#8217;acomiadament del personal laboral de la Junta Central Fallera.<\/p>\n<p style=\"text-align: justify;\">7. Funcionament del Consell Rector<\/p>\n<p style=\"text-align: justify;\">El r\u00e8gim de funcionament del Consell Rector ser\u00e0 aquell que es determina en el present Estatut i l&#8217;establit en el cap\u00edtol II, del t\u00edtol II de la Llei 30\/1992, de 26 de novembre, de R\u00e8gim Jur\u00eddic de les Administracions P\u00fabliques i del Procediment Administratiu Com\u00fa.<br \/>\nEl Consell Rector es reunir\u00e0 en sessi\u00f3 ordin\u00e0ria semestral i, en sessi\u00f3 extraordin\u00e0ria, quan ho acorde el president o quan ho sol\u2022licite la quarta part, almenys, del n\u00famero legal de membres del consell.<\/p>\n<p style=\"text-align: justify;\">8. Convocat\u00f2ria de les sessions<\/p>\n<p style=\"text-align: justify;\">La convocat\u00f2ria de les sessions s&#8217;efectuar\u00e0 amb una antelaci\u00f3 m\u00ednima de quaranta-huit hores, a la qual s&#8217;acompanyar\u00e0 l&#8217;orde del dia de la mateixa i la documentaci\u00f3 complement\u00e0ria que resulte procedent.<\/p>\n<p>Eventualment, quan raons d&#8217;urg\u00e8ncia no permeteren complir els terminis m\u00ednims de convocat\u00f2ria, ser\u00e0 v\u00e0lida la reuni\u00f3 del Consell Rector si per majoria absoluta dels seus membres s&#8217;accepta el car\u00e0cter urgent de la sessi\u00f3, abans d&#8217;iniciar la mateixa.<\/p>\n<p style=\"text-align: justify;\">9. Constituci\u00f3 del Consell Rector i adopci\u00f3 d&#8217;acords<\/p>\n<p style=\"text-align: justify;\">1. Es considerar\u00e0 v\u00e0lidament constitu\u00eft el Consell Rector quan a la primera convocat\u00f2ria assistisca el president, el secretari, o aquells que legalment els substitu\u00efsquen, i la mitat almenys dels membres restants. La segona convocat\u00f2ria, que tindr\u00e0 lloc mitja hora despr\u00e9s de l&#8217;assenyalada per a la primera, podr\u00e0 celebrar-se la sessi\u00f3, siga quin siga el nombre d&#8217;assistents, sempre que estiguen almenys el president, el secretari i dos vocals.<br \/>\n2. No podr\u00e0 ser objecte de deliberaci\u00f3 o acord cap assumpte que no figure incl\u00f2s en l&#8217;orde del dia, llevat que siga declarada la seua urg\u00e8ncia.<br \/>\n3. Els acords del Consell Rector s&#8217;adoptaran, com a regla general, per majoria simple dels membres presents. En el sup\u00f2sit de votacions amb resultat d&#8217;empat, s&#8217;efectuar\u00e0 una nova votaci\u00f3, i si persistira l&#8217;empat, decidir\u00e0 el vot de qualitat el president.<\/p>\n<p style=\"text-align: justify;\">Art. 18 (tercer). Del coordinador general de l\u2019organisme<\/p>\n<p style=\"text-align: justify;\">1. Coordinador general de l&#8217;organisme aut\u00f2nom<\/p>\n<p style=\"text-align: justify;\">El coordinador general exercir\u00e0, davall l&#8217;autoritat del president, les funcions superiors de ger\u00e8ncia de l&#8217;organisme aut\u00f2nom, en els termes que establisquen els estatuts del mateix.<\/p>\n<p style=\"text-align: justify;\">2. Funcions del coordinador general de l&#8217;organisme<\/p>\n<p style=\"text-align: justify;\">Al coordinador general li correspon, de conformitat amb els reglaments i directrius del Consell Rector i amb subjecci\u00f3 al president, les atribucions seg\u00fcents:<\/p>\n<p style=\"text-align: justify;\">&#8211; Dirigir, inspeccionar i impulsar els servicis i activitats de l&#8217;organisme.<br \/>\n&#8211; Executar i fer complir els actes del Consell Rector i del president.<br \/>\n&#8211; Preparar l&#8217;avantprojecte de pressupost per a la seua elevaci\u00f3 al Consell Rector.<br \/>\n&#8211; Elevar l&#8217;ordenaci\u00f3 de pagaments i rendir els seus comptes amb subjecci\u00f3 a all\u00f2 que determinen les bases d&#8217;execuci\u00f3 del pressupost.<br \/>\n&#8211; Direcci\u00f3 i gesti\u00f3 del personal de l&#8217;entitat, i exercici de les facultats disciplin\u00e0ries, sense perju\u00ed de les compet\u00e8ncies atribu\u00efdes al president i al Consell Rector.<br \/>\n&#8211; Elaborar i proposar al Consell Rector l&#8217;aprovaci\u00f3 del projecte de la plantilla del personal de l&#8217;organisme i l&#8217;aprovaci\u00f3 de la relaci\u00f3 de llocs de treball.<br \/>\n&#8211; Exercir les altres funcions que expressament li siguen assignades pel Consell Rector o<br \/>\npel president, b\u00e9 per mitj\u00e0 de delegaci\u00f3 o b\u00e9 per comanda de gesti\u00f3.<\/p>\n<p style=\"text-align: justify;\">Secci\u00f3 S\u00e8ptima. Dels \u00f2rgans de treball. Art.19. Naturalesa, composici\u00f3 i funcions<br \/>\n19.1. Els \u00f2rgans de treball de la Junta Central Fallera es determinen a trav\u00e9s de les delegacions, es configura el seu n\u00famero, denominaci\u00f3 i funcions a l&#8217;inici de cada exercici faller, en funci\u00f3 de les necessitats previstes i pr\u00e8via notificaci\u00f3 i aprovaci\u00f3 de l&#8217;Assemblea General.<\/p>\n<p style=\"text-align: justify;\">19.2. Cada delegaci\u00f3 estar\u00e0 composta per:<\/p>\n<p>a) Delegat, que ser\u00e0 anomenat pel president a proposta del vicepresident de l&#8217;\u00e0rea, entre els vocals, triats pels sectors o de lliure designaci\u00f3. La duraci\u00f3 del seu c\u00e0rrec estar\u00e0 supeditada a la del vicepresident, que poden ser destitu\u00efts per este o cessar per voluntat pr\u00f2pia.<\/p>\n<p style=\"text-align: justify;\">b) Secretari, que ser\u00e0 anomenat pel president a proposta del vicepresident de l&#8217;\u00e0rea i delegat, entre els vocals, triats pels sectors o de lliure designaci\u00f3. La duraci\u00f3 del seu c\u00e0rrec estar\u00e0 supeditada a la del delegat, a qui substituir\u00e0 en la seua abs\u00e8ncia.<\/p>\n<p style=\"text-align: justify;\">c) Vocals, electes o designats, anomenats pel president a proposta del vicepresident de l&#8217;\u00e0rea i delegat.<\/p>\n<p style=\"text-align: justify;\">d) Adjunts, en n\u00famero necessari per a cobrir la seua activitat.<\/p>\n<p style=\"text-align: justify;\">19.3. Exerciran les funcions que els siguen encomanades, sota la direcci\u00f3 del delegat corresponent i amb la supervisi\u00f3 del vicepresident de l&#8217;\u00e0rea.<\/p>\n<p style=\"text-align: justify;\">Art.20. Dels vocals i la seua naturalesa<\/p>\n<p style=\"text-align: justify;\">20.1. Seran vocals de la Junta Central Fallera aquelles persones que, triades pels sectors fallers o designats pel president de la Junta Central Fallera, assumixen com a labor principal la de col\u2022laborar en les tasques pr\u00f2pies que li siguen assignades en la delegaci\u00f3 a la qual obligat\u00f2riament hauran de ser adscrits.<\/p>\n<p style=\"text-align: justify;\">20.2. La condici\u00f3 de vocal comportar\u00e0 el dret a ser membre del ple, i podent actuar-hi amb veu i vot, aix\u00ed com exercir els drets previstos en la present normativa.<\/p>\n<p style=\"text-align: justify;\">20.3. El desenvolupament de la seua activitat quedar\u00e0 subjecte al compliment del que disposa el Reglament Faller, aix\u00ed com en el present Reglament de R\u00e8gim Intern i la resta de normes i instruccions emanades de la Junta Central Fallera.<\/p>\n<p style=\"text-align: justify;\">Art.21. Requisits, n\u00famero i elecci\u00f3 i p\u00e8rdua de la condici\u00f3. Funcions<\/p>\n<p style=\"text-align: justify;\">21.1. Els requisits necessaris per a optar a la condici\u00f3 de vocal de la Junta Central Fallera, aix\u00ed com la determinaci\u00f3 del n\u00fam. de vocals, s&#8217;ajustar\u00e0 al que preveuen els arts.45 i 46 del Reglament Faller.<\/p>\n<p style=\"text-align: justify;\">En el sup\u00f2sit de no cobrir-se el nombre de vocals pels sectors fallers, el president podr\u00e0 completar les vacants produ\u00efdes per igual nombre amb vocals de lliure designaci\u00f3. El seu nomenament tindr\u00e0 la duraci\u00f3 d&#8217;un exercici faller.<\/p>\n<p style=\"text-align: justify;\">21.2. La Junta Central Fallera establir\u00e0 anualment la convocat\u00f2ria i procediment per a l&#8217;elecci\u00f3 dels vocals en el si dels sectors fallers.<\/p>\n<p>Es perdr\u00e0 la condici\u00f3 de vocal electe, per qualsevol de les causes previstes en l&#8217;apartat segon de l&#8217;article 47 del Reglament Faller.<\/p>\n<p style=\"text-align: justify;\">21.3. Les funcions dels vocals, seran les que, si \u00e9s el cas, corresponguen a la delegaci\u00f3 a la qual figuren adscrits, sota la direcci\u00f3 del delegat respectiu i la supervisi\u00f3 directa del vicepresident corresponent.<\/p>\n<p style=\"text-align: justify;\">Art.22. Dels adjunts<\/p>\n<p style=\"text-align: justify;\">22.1. Els adjunts s\u00f3n els que exerciran labors de suport i col\u2022laboraci\u00f3, incardinats en les diferents delegacions, sense poder ocupar els c\u00e0rrecs de delegat ni de secretari de la delegaci\u00f3. Assistiran a les reunions del ple amb veu per\u00f2 sense dret a vot.<\/p>\n<p style=\"text-align: justify;\">22.2. Seran anomenats pel president a proposta dels vicepresidents, pr\u00e8via petici\u00f3 dels delegats, davant de les necessitats de les delegacions. La duraci\u00f3 del c\u00e0rrec ser\u00e0 d&#8217;un exercici. Podran ser destitu\u00efts pel president a proposta del delegat corresponent, previ coneixement del vicepresident de l&#8217;\u00e0rea.<\/p>\n<p style=\"text-align: justify;\">Secci\u00f3 octava. Del servici de consulta i assessorament. Art.23. Constituci\u00f3<br \/>\nLa Junta Central Fallera, a trav\u00e9s de l&#8217;Assessoria Jur\u00eddica, adscrita a la Delegaci\u00f3 d&#8217;Incid\u00e8ncies, la composici\u00f3 de la qual es determinar\u00e0 anualment, assumir\u00e0 la funci\u00f3 d&#8217;assessorament i facilitar\u00e0 la defensa jur\u00eddica de les comissions falleres en general, dins del marc normatiu del present reglament i en els assumptes d&#8217;estricta \u00edndole dimanats del seu articulat.<\/p>\n<p style=\"text-align: justify;\">Art.24. Funcions<\/p>\n<p style=\"text-align: justify;\">La Delegaci\u00f3 d&#8217;Incid\u00e8ncies, amb l&#8217;assist\u00e8ncia de l&#8217;Assessoria Jur\u00eddica, tindr\u00e0 compet\u00e8ncia, quan actue d&#8217;ofici o a inst\u00e0ncia de part, en inter\u00e9s general per a:<\/p>\n<p style=\"text-align: justify;\">a) Informar de les consultes que sol\u2022liciten els interessats, referides a q\u00fcestions de l&#8217;\u00e0mbit de l&#8217;activitat fallera.<\/p>\n<p style=\"text-align: justify;\">b) Mediar i resoldre els conflictes i litigis que pogueren sorgir entre fallers i\/o comissions de falla, tant en l&#8217;exercici i desenrotllament de les seues activitats falleres, com els que sorgiren en les seues relacions amb tercers, proposant o no, la sanci\u00f3 que estime pertinent per a la resoluci\u00f3 del conflicte.<\/p>\n<p style=\"text-align: justify;\">c) Emetre dictamen sobre qualsevol consulta plantejada a t\u00edtol particular per persona o \u00f2rgan interessat, aix\u00ed com alliberar els informes requerits pels organismes oficials que es dirigisquen a la Junta Central Fallera, o l&#8217;emplacen a emetre un informe concret en temps i termini.<\/p>\n<p>Art.25. Procediment<\/p>\n<p style=\"text-align: justify;\">La iniciaci\u00f3 de tota tramitaci\u00f3 es realitzar\u00e0 per mitj\u00e0 d&#8217;escrit dirigit a la Delegaci\u00f3 d&#8217;Incid\u00e8ncies amb expressa menci\u00f3 de les dades d&#8217;identificaci\u00f3 de l&#8217;actuant, aix\u00ed com l&#8217;expressi\u00f3 detallada de l&#8217;assumpte plantejat, i s\u2019haur\u00e0 d&#8217;adjuntar tota documentaci\u00f3 que sustente la petici\u00f3 o siga element determinant en la resoluci\u00f3 o informe de la q\u00fcesti\u00f3.<\/p>\n<p style=\"text-align: justify;\">La tramitaci\u00f3 administrativa de l\u2019informe donar\u00e0 lloc a l&#8217;obertura i incoaci\u00f3 del corresponent expedient per la pr\u00f2pia Delegaci\u00f3 d&#8217;Incid\u00e8ncies, la finalitzaci\u00f3 de la qual es produir\u00e0, previs els tr\u00e0mits formals pertinents, amb la resoluci\u00f3 del document i la seua comunicaci\u00f3 tant als interessats, com al registre i arxiu que es porte a este efecte. La tramitaci\u00f3 del procediment se sotmetr\u00e0 als principis generals de confidencialitat, audi\u00e8ncia a les parts, elements probatoris que siguen determinants per a la seua resoluci\u00f3 i el fonament de la fallada.<\/p>\n<p style=\"text-align: justify;\">Secci\u00f3 novena. De la comissi\u00f3 de recursos i reglament. Art.26. Comissi\u00f3 de recursos<br \/>\nEs preveu, amb car\u00e0cter anual, la creaci\u00f3 d&#8217;una comissi\u00f3 de recursos, la composici\u00f3 i atribucions d\u2019esta seran les determinades en l&#8217;art.59 del Reglament Faller.<\/p>\n<p style=\"text-align: justify;\">Cap\u00edtol IV. Del r\u00e8gim de funcionament dels \u00f2rgans de la JCF. Secci\u00f3 primera. Del r\u00e8gim de sessions i adopci\u00f3 d&#8217;acords.<br \/>\nArt.27. Dels requisits per a la v\u00e0lida celebraci\u00f3 de les sessions<\/p>\n<p style=\"text-align: justify;\">27.1. S&#8217;aplicaran en esta mat\u00e8ria les normes establides a este efecte per la legislaci\u00f3 espec\u00edfica aplicable.<\/p>\n<p style=\"text-align: justify;\">27.2. No obstant, a banda del que s&#8217;ha previngut en l&#8217;apartat anterior, es tindran en compte les particularitats seg\u00fcents:<\/p>\n<p style=\"text-align: justify;\">a) Per a la v\u00e0lida constituci\u00f3, en primera convocat\u00f2ria, del ple de la Junta Central Fallera, les reunions de la qual se celebraran amb almenys sis dies d&#8217;antelaci\u00f3 a la celebraci\u00f3 de l&#8217;Assemblea General, ser\u00e0 necess\u00e0ria la pres\u00e8ncia d&#8217;1\/3 dels seus membres de dret i, en tot cas, el president i el secretari, o les persones que legalment li substitu\u00efsquen.<\/p>\n<p style=\"text-align: justify;\">Les sessions se celebraran en segona convocat\u00f2ria, quan de no aconseguir-se el qu\u00f2rum assenyalat en el par\u00e0graf anterior, transc\u00f3rreguen 15 minuts des de l&#8217;hora assenyalada per a la primera convocat\u00f2ria, siga quin siga el n\u00fam. d&#8217;assistents, mai inferior a tres, i amb la pres\u00e8ncia en tot cas del president i el secretari, o les persones que legalment li substitu\u00efsquen.<\/p>\n<p>b) El ple es convocar\u00e0, amb car\u00e0cter extraordinari i urgent: 1) quan aix\u00ed ho sol\u2022liciten 1\/3 dels seus components, 2) per decisi\u00f3 de la directiva, i 3) quan conc\u00f3rreguen raons d&#8217;urgent necessitat que ho justifiquen.<\/p>\n<p style=\"text-align: justify;\">No es podran adoptar acords respecte de q\u00fcestions que no integren l&#8217;orde del dia de la convocat\u00f2ria del dit ple.<\/p>\n<p style=\"text-align: justify;\">c) Amb la convocat\u00f2ria del ple es posar\u00e0 a disposici\u00f3 dels membres la documentaci\u00f3 necess\u00e0ria per al coneixement d&#8217;aquells assumptes que s\u2019hagen de sotmetre a votaci\u00f3.<\/p>\n<p style=\"text-align: justify;\">d) La convocat\u00f2ria de l&#8217;Assemblea General quedar\u00e0 subjecta a les normes previstes en els articles. 56, 57 i 61 del Reglament Faller.<\/p>\n<p style=\"text-align: justify;\">Art.28. Dels debats, votacions i acords<\/p>\n<p style=\"text-align: justify;\">28.1. En el desenvolupament de les sessions, la realitzaci\u00f3 de les votacions i per a l&#8217;adopci\u00f3 dels acords, que si \u00e9s el cas, corresponguen, s&#8217;aplicar\u00e0 la normativa espec\u00edfica aplicable.<\/p>\n<p style=\"text-align: justify;\">28.2. No obstant, els acords del ple, s&#8217;adoptaran per majoria simple dels assistents a la sessi\u00f3 de qu\u00e8 es tracte, siga qualsevol la mat\u00e8ria a qu\u00e8 es referisquen.<\/p>\n<p style=\"text-align: justify;\">En cas d&#8217;empat en la votaci\u00f3 dels acords, es resoldr\u00e0 pel vot de qualitat del president o de qui legalment li substitu\u00efsca.<\/p>\n<p style=\"text-align: justify;\">Secci\u00f3 segona. Del r\u00e8gim dels recursos. Art.29. Recursos<br \/>\n29.1. Les decisions que adopten les diferents delegacions o c\u00e0rrecs directius de la JCF seran impugnables, per mitj\u00e0 d&#8217;escrit dirigit a la Delegaci\u00f3 d&#8217;Incid\u00e8ncies, previ registre d&#8217;entrada, en el termini de 30 dies a comptar del seg\u00fcent a la seua notificaci\u00f3, o des que l&#8217;interessat tinguera coneixement de les decisions.<\/p>\n<p style=\"text-align: justify;\">La Delegaci\u00f3 d&#8217;Incid\u00e8ncies, concl\u00f2s l&#8217;expedient que a este efecte es tramite, proposar\u00e0 al ple l&#8217;oportuna resoluci\u00f3 per a la seua aprovaci\u00f3 o denegaci\u00f3.<\/p>\n<p style=\"text-align: justify;\">29.2. Els actes i acords del ple podran ser recorreguts davant de l&#8217;Assemblea General, en el termini de 30 dies a comptar del seg\u00fcent a la seua notificaci\u00f3.<\/p>\n<p style=\"text-align: justify;\">Cap\u00edtol V. De les falleres majors de Val\u00e8ncia i de les corts d&#8217;honor. Art.30. De les falleres majors de Val\u00e8ncia i de les corts d&#8217;honor<br \/>\n30.1. Les corts d&#8217;honor de la falleres majors i infantil de Val\u00e8ncia i la Fallera Major i Infantil de Val\u00e8ncia, es triaran segons el procediment i forma, que amb car\u00e0cter anual, es determine per<\/p>\n<p>l&#8217;Assemblea General de Presidents, a proposta de la Junta Central Fallera, entre aquelles dones que ostenten la condici\u00f3 de fallera de qualsevol comissi\u00f3 de falla adscrita a qualsevol sector faller de la JCF.<\/p>\n<p style=\"text-align: justify;\">30.2. En tot cas, les falleres major i infantil de Val\u00e8ncia fixaran un domicili a la ciutat de<\/p>\n<p style=\"text-align: justify;\">Val\u00e8ncia, durant l&#8217;exercici del seu c\u00e0rrec.<\/p>\n<p style=\"text-align: justify;\">De la mateixa forma, les components de les corts d&#8217;honor de les falleres majors de Val\u00e8ncia fixaran un domicili en la demarcaci\u00f3 de qualsevol dels sectors fallers de JCF, durant l&#8217;exercici del seu c\u00e0rrec.<\/p>\n<p style=\"text-align: justify;\">Cap\u00edtol VI. De la hisenda de la Junta Central Fallera. Secci\u00f3 primera. Del r\u00e8gim econ\u00f2mic i patrimonial de la JCF.<br \/>\nArt.31. Disposici\u00f3 general. Constitu\u00efx el patrimoni de la Junta Central Fallera de Val\u00e8ncia, els b\u00e9ns, els drets i accions que adquirisca per qualsevol t\u00edtol leg\u00edtim.<\/p>\n<p style=\"text-align: justify;\">Art.32. Recursos econ\u00f2mics de la Junta Central Fallera. R\u00e8gim d&#8217;administraci\u00f3. Detall en inventari. Els recursos econ\u00f2mics de la Junta Central Fallera, aix\u00ed com el r\u00e8gim d&#8217;administraci\u00f3 ordin\u00e0ria de tals recursos i b\u00e9ns patrimonials de la dita entitat i el seu detall en l&#8217;inventari i actualitzaci\u00f3, seran els determinats i regulats en la normativa espec\u00edfica aplicable.<\/p>\n<p style=\"text-align: justify;\">Secci\u00f3 segona. Del r\u00e8gim pressupostari de la JCF.<\/p>\n<p style=\"text-align: justify;\">Art.33. Del r\u00e8gim de comptabilitat: subjecci\u00f3 a r\u00e8gim cont. p\u00fablica<\/p>\n<p style=\"text-align: justify;\">33.1. La Junta Central Fallera, per al compliment dels seus fins i objectius, gaudix de plena autonomia financera en el marc del present reglament. A este efecte, elabora el seu propi pressupost que s&#8217;incorporar\u00e0 com a secci\u00f3 pressupost\u00e0ria pr\u00f2pia dins del pressupost \u00fanic de la Corporaci\u00f3 Municipal, gestiona i recapta els seus ingressos i autoritza, disposa i ordena les seues despeses i pagaments, sota la supervisi\u00f3 corresponent.<\/p>\n<p style=\"text-align: justify;\">33.2. La JCF quedar\u00e0 subjecta al r\u00e8gim de comptabilitat p\u00fablica, que es regir\u00e0 a este efecte per les determinacions contingudes en la normativa espec\u00edfica, aix\u00ed com en les bases d&#8217;execuci\u00f3 del pressupost general de l&#8217;Excm. Ajuntament de Val\u00e8ncia.<\/p>\n<p style=\"text-align: justify;\">En conseq\u00fc\u00e8ncia, la JCF vindr\u00e0 obligada a retre comptes de totes les seues operacions a l&#8217;Ajuntament. Amb este fi, la JCF portar\u00e0 els llibres, registres i la resta de comptes que asseguren i faciliten el compliment de les finalitats previngudes en el present reglament, i que permeten un correcte coneixement de la situaci\u00f3 econ\u00f2mica financera d\u2019esta, als quals se li donar\u00e0 la publicitat legalment previnguda.<\/p>\n<p style=\"text-align: justify;\">33.3. L&#8217;exercici comptable de la JCF coincidir\u00e0, en tot cas, amb l&#8217;exercici pressupostari.<\/p>\n<p>Art.34. Determinaci\u00f3 i formaci\u00f3 del pressupost. La determinaci\u00f3 del contingut, presentaci\u00f3 i aprovaci\u00f3 del pressupost de la JCF, es regir\u00e0 per la normativa reguladora de les Hisendes Locals i Bases d&#8217;Execuci\u00f3 del Pressupost Municipal.<\/p>\n<p style=\"text-align: justify;\">Secci\u00f3 tercera. Del r\u00e8gim de fiscalitzaci\u00f3 i tutela de la gesti\u00f3 economicofinancera de la JCF. Art.35. Titularitat. L&#8217;interventor econ\u00f2mic<br \/>\n35.1. La titularitat, el r\u00e8gim d&#8217;intervenci\u00f3 i fiscalitzaci\u00f3 de la comptabilitat de la Junta Central Fallera, aix\u00ed com l&#8217;exig\u00e8ncia de responsabilitat, correspondr\u00e0 a l&#8217;Excm. Ajuntament de Val\u00e8ncia, de conformitat amb el procediment que, si \u00e9s el cas, establisca el ple de la corporaci\u00f3.<\/p>\n<p style=\"text-align: justify;\">35.2. L&#8217;interventor i el tresorer seran anomenats pel president de la JCF entre els seus components i exerciran la gesti\u00f3 econ\u00f2mica ordin\u00e0ria, sota la supervisi\u00f3 i fiscalitzaci\u00f3 de l&#8217;interventor- delegat de l&#8217;Excm. Ajuntament de Val\u00e8ncia com a funcionari municipal.<\/p>\n<p style=\"text-align: justify;\">Les seues funcions, obligacions i compet\u00e8ncies, seran les assenyalades en la normativa aplicable; tot aix\u00f2, sense perju\u00ed que se&#8217;ls puguen assignar altres funcions distintes i complement\u00e0ries a les previstes en dita normativa.<\/p>\n<p style=\"text-align: justify;\">Cap\u00edtol VII. De la dissoluci\u00f3 i liquidaci\u00f3 de l&#8217;organisme aut\u00f2nom local JCFV. Art.36. Dels acords necessaris per a la dissoluci\u00f3<br \/>\nL&#8217;organisme aut\u00f2nom es dissoldr\u00e0 i cessar\u00e0 en l&#8217;exercici de les funcions que t\u00e9 atribu\u00efdes, mitjan\u00e7ant un acord motivat, adoptat pel ple de la Corporaci\u00f3 Municipal, en la forma i previ compliment dels tr\u00e0mits que es determinen en la normativa aplicable, amb el fet de donar compte als \u00f2rgans pertinents.<\/p>\n<p style=\"text-align: justify;\">Art.37. De la liquidaci\u00f3<\/p>\n<p style=\"text-align: justify;\">Adoptat en forma l&#8217;acord de dissoluci\u00f3 de l&#8217;organisme aut\u00f2nom, es procedir\u00e0, amb car\u00e0cter immediat a la liquidaci\u00f3 del seu pressupost, al resultat que s&#8217;integrar\u00e0 en el de la Corporaci\u00f3 Municipal, fet que produir\u00e0 la successi\u00f3 universal dels seus b\u00e9ns, drets i obligacions per l&#8217;Ajuntament de Val\u00e8ncia, de conformitat amb el que disposa l&#8217;article 88.2 del Reglament de Servicis de les Corporacions Locals.<\/p>\n<p style=\"text-align: justify;\">Art.38. Ple anual de tancament d&#8217;exercici. Sense perju\u00ed del que disposen els articles anteriors, la JCF celebrar\u00e0, amb car\u00e0cter anual, el ple de tancament d&#8217;exercici, nom\u00e9s als efectes de la renovaci\u00f3 dels seus components.<\/p>\n<p style=\"text-align: justify;\">Cap\u00edtol VIII. Del r\u00e8gim disciplinari i sancionador. Secci\u00f3 primera. Del r\u00e8gim disciplinari.<br \/>\nArt.39. Infraccions i sancions<\/p>\n<p>39.1. A m\u00e9s de les enumerades en l&#8217;art.75 del Reglament Faller, es tipifiquen com a infraccions:<\/p>\n<p style=\"text-align: justify;\">1r. L&#8217;incompliment del contingut del present reglament de R\u00e8gim Intern de la Junta<\/p>\n<p style=\"text-align: justify;\">Central Fallera.<\/p>\n<p style=\"text-align: justify;\">2n. L&#8217;incompliment de les funcions pr\u00f2pies i espec\u00edfiques atribu\u00efdes a cada un dels seus \u00f2rgans i components.<\/p>\n<p style=\"text-align: justify;\">Intern.<\/p>\n<p>3r. Qualssevol altres que es deriven de l&#8217;aplicaci\u00f3 del present reglament de R\u00e8gim<\/p>\n<p style=\"text-align: justify;\">39.2. Es consideren sancions les previngudes amb car\u00e0cter general en l&#8217;art. 77 del<\/p>\n<p style=\"text-align: justify;\">Reglament Faller i, en particular, el cessament o baixa com a membre de la JCF. Secci\u00f3 segona. Del procediment.<br \/>\nArt.40. Tr\u00e0mits del procediment<\/p>\n<p style=\"text-align: justify;\">El procediment s&#8217;iniciar\u00e0, pr\u00e8via la instrucci\u00f3 de l&#8217;oport\u00fa expedient per la Delegaci\u00f3 d&#8217;Incid\u00e8ncies, i practicades les oportunes actuacions, de conformitat amb els principis processals d&#8217;audi\u00e8ncia i defensa, es resoldr\u00e0 amb l\u2019elevaci\u00f3 de la proposta o no de sanci\u00f3 al ple.<\/p>\n<p style=\"text-align: justify;\">Disposicions addicionals.<br \/>\nPrimera. Interpretaci\u00f3 del contingut de l&#8217;articulat del Reglament de R\u00e8gim Intern de la JCF. Correspondr\u00e0 al ple de la JCF la interpretaci\u00f3 de les normes contingudes en el present reglament de<br \/>\nR\u00e8gim Intern.<\/p>\n<p style=\"text-align: justify;\">Segona. R\u00e8gim i procediment per a la modificaci\u00f3, supressi\u00f3 o derogaci\u00f3 del reglament de R\u00e8gim<\/p>\n<p style=\"text-align: justify;\">Intern.<\/p>\n<p style=\"text-align: justify;\">El present reglament podr\u00e0 ser modificat, o derogat, totalment o parcialment, pel ple de la JCF, a iniciativa d&#8217;1\/3 dels seus components o a proposta del president i c\u00e0rrecs directius de JCF.<\/p>\n<p style=\"text-align: justify;\">Tercera. Aprovaci\u00f3 del Reglament de R\u00e8gim Intern supeditada al tr\u00e0mit municipal competent.<\/p>\n<p style=\"text-align: justify;\">L&#8217;aprovaci\u00f3 definitiva del present reglament de R\u00e8gim Intern de la JCF, queda supeditada a expr\u00e9s acord, adoptat en sessi\u00f3 plen\u00e0ria, del ple municipal de l&#8217;Excm. Ajuntament de Val\u00e8ncia i a la seua posterior publicaci\u00f3 en el Butllet\u00ed Oficial de la Prov\u00edncia.<\/p>\n<p style=\"text-align: justify;\">Disposici\u00f3 derogat\u00f2ria<\/p>\n<p>\u00danica. Complits els requisits d&#8217;aprovaci\u00f3 del present Reglament de R\u00e8gim Intern pel ple municipal de l&#8217;Excm. Ajuntament de Val\u00e8ncia, i publicaci\u00f3 en el B.O.P., quedaran derogades totes les disposicions que precedents del mateix rang o d&#8217;un rang inferior s&#8217;oposen o contradiguen el que disposa este reglament.<\/p>\n<p style=\"text-align: justify;\">Disposicions finals<\/p>\n<p style=\"text-align: justify;\">Primera. En all\u00f2 que no estiga expressament previst en el present reglament de R\u00e8gim Intern, s&#8217;aplicar\u00e0 com a dret supletori el que s&#8217;ha previngut en la normativa de r\u00e8gim local, en el Reglament Faller i en quantes normes i disposicions de qualsevol rang dictades en desplegament d\u2019estes.<\/p>\n<p style=\"text-align: justify;\">Segona. Este Reglament de R\u00e8gim Intern entrar\u00e0 en vigor i s&#8217;aplicar\u00e0, amb car\u00e0cter immediat, el mateix dia de la publicaci\u00f3 del seu text oficial en el butllet\u00ed.<\/p>\n[\/vc_column_text][\/vc_column][\/vc_row]\n","protected":false},"excerpt":{"rendered":"<p>[vc_row type=&#8221;in_container&#8221; full_screen_row_position=&#8221;middle&#8221; column_margin=&#8221;default&#8221; column_direction=&#8221;default&#8221; column_direction_tablet=&#8221;default&#8221; column_direction_phone=&#8221;default&#8221; scene_position=&#8221;center&#8221; text_color=&#8221;dark&#8221; text_align=&#8221;left&#8221; row_border_radius=&#8221;none&#8221; row_border_radius_applies=&#8221;bg&#8221; overflow=&#8221;visible&#8221; overlay_strength=&#8221;0.3&#8243; gradient_direction=&#8221;left_to_right&#8221; shape_divider_position=&#8221;bottom&#8221; bg_image_animation=&#8221;none&#8221;][vc_column column_padding=&#8221;no-extra-padding&#8221; column_padding_tablet=&#8221;inherit&#8221; column_padding_phone=&#8221;inherit&#8221; column_padding_position=&#8221;all&#8221; column_element_direction_desktop=&#8221;default&#8221; column_element_spacing=&#8221;default&#8221; desktop_text_alignment=&#8221;default&#8221; tablet_text_alignment=&#8221;default&#8221; phone_text_alignment=&#8221;default&#8221; background_color_opacity=&#8221;1&#8243; background_hover_color_opacity=&#8221;1&#8243; column_backdrop_filter=&#8221;none&#8221; column_shadow=&#8221;none&#8221;&#8230;<\/p>\n","protected":false},"author":2,"featured_media":0,"parent":0,"menu_order":0,"comment_status":"closed","ping_status":"closed","template":"","meta":{"footnotes":""},"class_list":["post-24063","page","type-page","status-publish"],"_links":{"self":[{"href":"https:\/\/fallas.com\/va\/wp-json\/wp\/v2\/pages\/24063","targetHints":{"allow":["GET"]}}],"collection":[{"href":"https:\/\/fallas.com\/va\/wp-json\/wp\/v2\/pages"}],"about":[{"href":"https:\/\/fallas.com\/va\/wp-json\/wp\/v2\/types\/page"}],"author":[{"embeddable":true,"href":"https:\/\/fallas.com\/va\/wp-json\/wp\/v2\/users\/2"}],"replies":[{"embeddable":true,"href":"https:\/\/fallas.com\/va\/wp-json\/wp\/v2\/comments?post=24063"}],"version-history":[{"count":0,"href":"https:\/\/fallas.com\/va\/wp-json\/wp\/v2\/pages\/24063\/revisions"}],"wp:attachment":[{"href":"https:\/\/fallas.com\/va\/wp-json\/wp\/v2\/media?parent=24063"}],"curies":[{"name":"wp","href":"https:\/\/api.w.org\/{rel}","templated":true}]}}